{"id":76090,"date":"2017-05-12T23:15:19","date_gmt":"2017-05-12T21:15:19","guid":{"rendered":"http:\/\/www.ilcam.com\/ilcam-people\/clienti\/venditori-al-dettaglio\/"},"modified":"2025-02-27T10:38:51","modified_gmt":"2025-02-27T09:38:51","slug":"venditori-al-dettaglio","status":"publish","type":"page","link":"https:\/\/www.ilcam.com\/it\/ilcam-people\/clienti\/venditori-al-dettaglio\/","title":{"rendered":"Venditori al dettaglio"},"content":{"rendered":"<div class=\"wpb-content-wrapper\"><p>[vc_row el_class=&#8221;ilcam-clients-title-row&#8221;][vc_column][vc_single_image image=&#8221;75217&#8243; img_size=&#8221;full&#8221;][vc_custom_heading text=&#8221;ILCAM PEOPLE&#8221; font_container=&#8221;tag:h2|text_align:center|color:%23ffffff&#8221; use_theme_fonts=&#8221;yes&#8221; el_class=&#8221;ilcam-standard-main-title-firstrow&#8221;][\/vc_column][\/vc_row][vc_row][vc_column][vc_custom_heading text=&#8221;VENDITORI AL DETTAGLIO&#8221; font_container=&#8221;tag:h1|text_align:center|color:%23d8baa1&#8243; use_theme_fonts=&#8221;yes&#8221; el_class=&#8221;ilcam-standard-main-title-secondrow&#8221;][\/vc_column][\/vc_row][vc_row css=&#8221;.vc_custom_1494621391251{padding-top: 40px !important;padding-bottom: 40px !important;}&#8221;][vc_column width=&#8221;1\/6&#8243;][\/vc_column][vc_column width=&#8221;4\/6&#8243;][vc_column_text el_class=&#8221;ilcam-standard-intro-txt&#8221;]<\/p>\n<p style=\"text-align: center;\">ILCAM \u00e8 il produttore ideale, a livello mondiale, per la <strong>fornitura di frontali per mobili<\/strong> destinati al retail e, in particolare, a grandi catene commerciali.<\/p>\n<p style=\"text-align: center;\">Una <strong>filiera industriale interna completa<\/strong>, con tecnologie integrate, consente di offrire la pi\u00f9 ampia gamma di prodotti in questo settore, con elevate capacit\u00e0 produttiva e massima affidabilit\u00e0 di servizio: tempi e processi ottimizzati e catena di distribuzione sempre sotto controllo, con minimizzazione dei rischi per il cliente.<\/p>\n<p style=\"text-align: center;\">L\u2019adozione del Lean Manufacturing, gi\u00e0 dal 2012, contribuisce a operare secondo logiche di qualit\u00e0 di sistema, efficienza organizzativa e miglioramento continuo.<\/p>\n<p>[\/vc_column_text][\/vc_column][vc_column width=&#8221;1\/6&#8243;][\/vc_column][\/vc_row][vc_row][vc_column width=&#8221;1\/6&#8243;][\/vc_column][vc_column width=&#8221;4\/6&#8243; el_class=&#8221;ilcam-clients-plaincolor-box&#8221;][vc_column_text el_class=&#8221;ilcam-standard-intro-txt&#8221;]<\/p>\n<p style=\"text-align: center;\">Vasta esperienza internazionale, competenze ingegneristiche, mentalit\u00e0 proattiva, favoriscono una piena collaborazione con il cliente, finalizzata a creare prodotti in linea con le sue richieste e i suoi precisi obiettivi di marketing.<\/p>\n<p>[\/vc_column_text][\/vc_column][vc_column width=&#8221;1\/6&#8243;][\/vc_column][\/vc_row][vc_row css=&#8221;.vc_custom_1494622114159{padding-top: 40px !important;padding-bottom: 100px !important;}&#8221;][vc_column width=&#8221;1\/6&#8243;][\/vc_column][vc_column width=&#8221;4\/6&#8243;][vc_column_text el_class=&#8221;ilcam-standard-intro-txt&#8221; css=&#8221;.vc_custom_1494658966685{padding-bottom: 30px !important;}&#8221;]<\/p>\n<p style=\"text-align: center;\">ILCAM garantisce, inoltre, un <strong>approccio collaborativo alla logistica distributiva<\/strong>, con la massima personalizzazione del packaging e dell\u2019etichettatura e la possibilit\u00e0 di gestione del magazzino per il cliente.<\/p>\n<p>[\/vc_column_text][vc_column_text el_class=&#8221;ilcam-standard-intro-txt&#8221;]<\/p>\n<p style=\"text-align: center;\">La dotazione del <strong>set completo di certificazioni necessarie<\/strong>, riduce a priori il time to market e accelera il lancio dei prodotti.<\/p>\n<p>[\/vc_column_text][vc_single_image image=&#8221;75893&#8243; img_size=&#8221;full&#8221; alignment=&#8221;center&#8221; css=&#8221;.vc_custom_1494661693421{padding-top: 30px !important;}&#8221;][\/vc_column][vc_column width=&#8221;1\/6&#8243;][\/vc_column][\/vc_row][vc_row css=&#8221;.vc_custom_1494253619245{background-image: url(\/wp-content\/uploads\/2015\/08\/ilcam-contact-bg.jpg?id=75298) !important;background-position: center !important;background-repeat: no-repeat !important;background-size: cover !important;}&#8221;][vc_column css=&#8221;.vc_custom_1494255572929{padding-bottom: 90px !important;}&#8221;][vc_single_image image=&#8221;75217&#8243; img_size=&#8221;full&#8221; alignment=&#8221;center&#8221; css=&#8221;.vc_custom_1494253588669{margin-top: 0px !important;margin-right: 0px !important;margin-bottom: 0px !important;margin-left: 0px !important;border-top-width: 0px !important;border-right-width: 0px !important;border-bottom-width: 0px !important;border-left-width: 0px !important;padding-top: 0px !important;padding-right: 0px !important;padding-bottom: 0px !important;padding-left: 0px !important;}&#8221;][vc_custom_heading text=&#8221;Contatta ILCAM&#8221; font_container=&#8221;tag:h2|font_size:40px|text_align:center|color:%23ffffff|line_height:40px&#8221; use_theme_fonts=&#8221;yes&#8221; el_class=&#8221;contact-title&#8221; css=&#8221;.vc_custom_1495016763382{padding-top: 80px !important;padding-bottom: 40px !important;}&#8221;]\n<div class=\"wpcf7 no-js\" id=\"wpcf7-f76184-o1\" lang=\"en-US\" dir=\"ltr\" data-wpcf7-id=\"76184\">\n<div class=\"screen-reader-response\"><p role=\"status\" aria-live=\"polite\" aria-atomic=\"true\"><\/p> <ul><\/ul><\/div>\n<form action=\"\/it\/wp-json\/wp\/v2\/pages\/76090#wpcf7-f76184-o1\" method=\"post\" class=\"wpcf7-form init\" aria-label=\"Contact form\" novalidate=\"novalidate\" data-status=\"init\">\n<fieldset class=\"hidden-fields-container\"><input type=\"hidden\" name=\"_wpcf7\" value=\"76184\" \/><input type=\"hidden\" name=\"_wpcf7_version\" value=\"6.1.5\" \/><input type=\"hidden\" name=\"_wpcf7_locale\" value=\"en_US\" \/><input type=\"hidden\" name=\"_wpcf7_unit_tag\" value=\"wpcf7-f76184-o1\" \/><input type=\"hidden\" name=\"_wpcf7_container_post\" value=\"0\" \/><input type=\"hidden\" name=\"_wpcf7_posted_data_hash\" value=\"\" \/><input type=\"hidden\" name=\"_wpcf7dtx_version\" value=\"5.0.5\" \/><input type=\"hidden\" name=\"_wpcf7_recaptcha_response\" value=\"\" \/>\n<\/fieldset>\n<div class=\"row ilcam-contact-at-foot\">\n\t<div class=\"col-md-4\">\n\t\t<p><span class=\"wpcf7-form-control-wrap\" data-name=\"your-name\"><input size=\"40\" maxlength=\"400\" class=\"wpcf7-form-control wpcf7-text wpcf7-validates-as-required\" aria-required=\"true\" aria-invalid=\"false\" placeholder=\"Nome\" value=\"\" type=\"text\" name=\"your-name\" \/><\/span><br \/>\n<span class=\"wpcf7-form-control-wrap\" data-name=\"your-surname\"><input size=\"40\" maxlength=\"400\" class=\"wpcf7-form-control wpcf7-text wpcf7-validates-as-required\" aria-required=\"true\" aria-invalid=\"false\" placeholder=\"Cognome\" value=\"\" type=\"text\" name=\"your-surname\" \/><\/span>\n\t\t<\/p>\n\t<\/div>\n\t<div class=\"col-md-4\">\n\t\t<p><span class=\"wpcf7-form-control-wrap\" data-name=\"your-email\"><input size=\"40\" maxlength=\"400\" class=\"wpcf7-form-control wpcf7-email wpcf7-validates-as-required wpcf7-text wpcf7-validates-as-email\" aria-required=\"true\" aria-invalid=\"false\" placeholder=\"Email\" value=\"\" type=\"email\" name=\"your-email\" \/><\/span><br \/>\n<span class=\"wpcf7-form-control-wrap\" data-name=\"your-phone\"><input size=\"40\" maxlength=\"400\" class=\"wpcf7-form-control wpcf7-text wpcf7-validates-as-required\" aria-required=\"true\" aria-invalid=\"false\" placeholder=\"Telefono\" value=\"\" type=\"text\" name=\"your-phone\" \/><\/span>\n\t\t<\/p>\n\t<\/div>\n\t<div class=\"col-md-4\">\n\t\t<p><span class=\"wpcf7-form-control-wrap\" data-name=\"your-message\"><textarea cols=\"40\" rows=\"10\" maxlength=\"2000\" class=\"wpcf7-form-control wpcf7-textarea\" aria-invalid=\"false\" placeholder=\"Scriva qui il suo messaggio\" name=\"your-message\"><\/textarea><\/span>\n\t\t<\/p>\n\t<\/div>\n<\/div>\n<div class=\"row ilcam-contact-at-foot\">\n\t<div class=\"col-md-12\">\n\t\t<p><input class=\"wpcf7-form-control wpcf7-submit has-spinner\" type=\"submit\" value=\"Invia\" \/>\n\t\t<\/p>\n\t<\/div>\n<\/div><div class=\"wpcf7-response-output\" aria-hidden=\"true\"><\/div>\n<\/form>\n<\/div>\n[\/vc_column][\/vc_row]<\/p>\n<\/div>","protected":false},"excerpt":{"rendered":"<p>[vc_row el_class=&#8221;ilcam-clients-title-row&#8221;][vc_column][vc_single_image image=&#8221;75217&#8243; img_size=&#8221;full&#8221;][vc_custom_heading text=&#8221;ILCAM PEOPLE&#8221; font_container=&#8221;tag:h2|text_align:center|color:%23ffffff&#8221; use_theme_fonts=&#8221;yes&#8221; el_class=&#8221;ilcam-standard-main-title-firstrow&#8221;][\/vc_column][\/vc_row][vc_row][vc_column][vc_custom_heading text=&#8221;VENDITORI AL DETTAGLIO&#8221; font_container=&#8221;tag:h1|text_align:center|color:%23d8baa1&#8243; use_theme_fonts=&#8221;yes&#8221; el_class=&#8221;ilcam-standard-main-title-secondrow&#8221;][\/vc_column][\/vc_row][vc_row css=&#8221;.vc_custom_1494621391251{padding-top: 40px !important;padding-bottom: 40px !important;}&#8221;][vc_column width=&#8221;1\/6&#8243;][\/vc_column][vc_column width=&#8221;4\/6&#8243;][vc_column_text el_class=&#8221;ilcam-standard-intro-txt&#8221;] ILCAM \u00e8 il produttore ideale, a livello mondiale, per la fornitura di frontali per mobili destinati al retail e, in particolare, a grandi catene commerciali. Una filiera industriale interna completa, con tecnologie [&hellip;]<\/p>\n","protected":false},"author":1,"featured_media":0,"parent":76085,"menu_order":0,"comment_status":"closed","ping_status":"closed","template":"","meta":{"_acf_changed":false,"footnotes":""},"class_list":["post-76090","page","type-page","status-publish","hentry"],"acf":[],"yoast_head":"<!-- This site is optimized with the Yoast SEO plugin v27.5 - https:\/\/yoast.com\/product\/yoast-seo-wordpress\/ -->\n<title>Venditori al dettaglio | Fornitura di Frontali per Mobili | ILCAM<\/title>\n<meta name=\"description\" content=\"ILCAM \u00e8 il produttore ideale, a livello mondiale, per la FORNITURA DI FRONTALI PER MOBILI destinati al retail e catene commerciali.\" \/>\n<meta name=\"robots\" content=\"index, follow, max-snippet:-1, max-image-preview:large, max-video-preview:-1\" \/>\n<link rel=\"canonical\" href=\"https:\/\/www.ilcam.com\/it\/ilcam-people\/clienti\/venditori-al-dettaglio\/\" \/>\n<meta property=\"og:locale\" content=\"it_IT\" \/>\n<meta property=\"og:type\" content=\"article\" \/>\n<meta property=\"og:title\" content=\"Venditori al dettaglio | Fornitura di Frontali per Mobili | ILCAM\" \/>\n<meta property=\"og:description\" content=\"ILCAM \u00e8 il produttore ideale, a livello mondiale, per la FORNITURA DI FRONTALI PER MOBILI destinati al retail e catene commerciali.\" \/>\n<meta property=\"og:url\" content=\"https:\/\/www.ilcam.com\/it\/ilcam-people\/clienti\/venditori-al-dettaglio\/\" \/>\n<meta property=\"og:site_name\" content=\"ILCAM\" \/>\n<meta property=\"article:modified_time\" content=\"2025-02-27T09:38:51+00:00\" \/>\n<meta name=\"twitter:card\" content=\"summary_large_image\" \/>\n<meta name=\"twitter:label1\" content=\"Tempo di lettura stimato\" \/>\n\t<meta name=\"twitter:data1\" content=\"2 minuti\" \/>\n<script type=\"application\/ld+json\" class=\"yoast-schema-graph\">{\"@context\":\"https:\\\/\\\/schema.org\",\"@graph\":[{\"@type\":\"WebPage\",\"@id\":\"https:\\\/\\\/www.ilcam.com\\\/it\\\/ilcam-people\\\/clienti\\\/venditori-al-dettaglio\\\/\",\"url\":\"https:\\\/\\\/www.ilcam.com\\\/it\\\/ilcam-people\\\/clienti\\\/venditori-al-dettaglio\\\/\",\"name\":\"Venditori al dettaglio | Fornitura di Frontali per Mobili | ILCAM\",\"isPartOf\":{\"@id\":\"https:\\\/\\\/www.ilcam.com\\\/it\\\/#website\"},\"datePublished\":\"2017-05-12T21:15:19+00:00\",\"dateModified\":\"2025-02-27T09:38:51+00:00\",\"description\":\"ILCAM \u00e8 il produttore ideale, a livello mondiale, per la FORNITURA DI FRONTALI PER MOBILI destinati al retail e catene commerciali.\",\"breadcrumb\":{\"@id\":\"https:\\\/\\\/www.ilcam.com\\\/it\\\/ilcam-people\\\/clienti\\\/venditori-al-dettaglio\\\/#breadcrumb\"},\"inLanguage\":\"it-IT\",\"potentialAction\":[{\"@type\":\"ReadAction\",\"target\":[\"https:\\\/\\\/www.ilcam.com\\\/it\\\/ilcam-people\\\/clienti\\\/venditori-al-dettaglio\\\/\"]}]},{\"@type\":\"BreadcrumbList\",\"@id\":\"https:\\\/\\\/www.ilcam.com\\\/it\\\/ilcam-people\\\/clienti\\\/venditori-al-dettaglio\\\/#breadcrumb\",\"itemListElement\":[{\"@type\":\"ListItem\",\"position\":1,\"name\":\"Home\",\"item\":\"https:\\\/\\\/www.ilcam.com\\\/it\\\/\"},{\"@type\":\"ListItem\",\"position\":2,\"name\":\"ILCAM People\",\"item\":\"https:\\\/\\\/www.ilcam.com\\\/it\\\/ilcam-people\\\/\"},{\"@type\":\"ListItem\",\"position\":3,\"name\":\"Clienti\",\"item\":\"https:\\\/\\\/www.ilcam.com\\\/it\\\/ilcam-people\\\/clienti\\\/\"},{\"@type\":\"ListItem\",\"position\":4,\"name\":\"Venditori al dettaglio\"}]},{\"@type\":\"WebSite\",\"@id\":\"https:\\\/\\\/www.ilcam.com\\\/it\\\/#website\",\"url\":\"https:\\\/\\\/www.ilcam.com\\\/it\\\/\",\"name\":\"ILCAM\",\"description\":\"Masters of furniture apparel\",\"publisher\":{\"@id\":\"https:\\\/\\\/www.ilcam.com\\\/it\\\/#organization\"},\"potentialAction\":[{\"@type\":\"SearchAction\",\"target\":{\"@type\":\"EntryPoint\",\"urlTemplate\":\"https:\\\/\\\/www.ilcam.com\\\/it\\\/?s={search_term_string}\"},\"query-input\":{\"@type\":\"PropertyValueSpecification\",\"valueRequired\":true,\"valueName\":\"search_term_string\"}}],\"inLanguage\":\"it-IT\"},{\"@type\":\"Organization\",\"@id\":\"https:\\\/\\\/www.ilcam.com\\\/it\\\/#organization\",\"name\":\"ILCAM\",\"url\":\"https:\\\/\\\/www.ilcam.com\\\/it\\\/\",\"logo\":{\"@type\":\"ImageObject\",\"inLanguage\":\"it-IT\",\"@id\":\"https:\\\/\\\/www.ilcam.com\\\/it\\\/#\\\/schema\\\/logo\\\/image\\\/\",\"url\":\"https:\\\/\\\/www.ilcam.com\\\/wp-content\\\/uploads\\\/2022\\\/01\\\/logo-ilcam_new.png\",\"contentUrl\":\"https:\\\/\\\/www.ilcam.com\\\/wp-content\\\/uploads\\\/2022\\\/01\\\/logo-ilcam_new.png\",\"width\":756,\"height\":322,\"caption\":\"ILCAM\"},\"image\":{\"@id\":\"https:\\\/\\\/www.ilcam.com\\\/it\\\/#\\\/schema\\\/logo\\\/image\\\/\"}}]}<\/script>\n<!-- \/ Yoast SEO plugin. -->","yoast_head_json":{"title":"Venditori al dettaglio | Fornitura di Frontali per Mobili | ILCAM","description":"ILCAM \u00e8 il produttore ideale, a livello mondiale, per la FORNITURA DI FRONTALI PER MOBILI destinati al retail e catene commerciali.","robots":{"index":"index","follow":"follow","max-snippet":"max-snippet:-1","max-image-preview":"max-image-preview:large","max-video-preview":"max-video-preview:-1"},"canonical":"https:\/\/www.ilcam.com\/it\/ilcam-people\/clienti\/venditori-al-dettaglio\/","og_locale":"it_IT","og_type":"article","og_title":"Venditori al dettaglio | Fornitura di Frontali per Mobili | ILCAM","og_description":"ILCAM \u00e8 il produttore ideale, a livello mondiale, per la FORNITURA DI FRONTALI PER MOBILI destinati al retail e catene commerciali.","og_url":"https:\/\/www.ilcam.com\/it\/ilcam-people\/clienti\/venditori-al-dettaglio\/","og_site_name":"ILCAM","article_modified_time":"2025-02-27T09:38:51+00:00","twitter_card":"summary_large_image","twitter_misc":{"Tempo di lettura stimato":"2 minuti"},"schema":{"@context":"https:\/\/schema.org","@graph":[{"@type":"WebPage","@id":"https:\/\/www.ilcam.com\/it\/ilcam-people\/clienti\/venditori-al-dettaglio\/","url":"https:\/\/www.ilcam.com\/it\/ilcam-people\/clienti\/venditori-al-dettaglio\/","name":"Venditori al dettaglio | Fornitura di Frontali per Mobili | ILCAM","isPartOf":{"@id":"https:\/\/www.ilcam.com\/it\/#website"},"datePublished":"2017-05-12T21:15:19+00:00","dateModified":"2025-02-27T09:38:51+00:00","description":"ILCAM \u00e8 il produttore ideale, a livello mondiale, per la FORNITURA DI FRONTALI PER MOBILI destinati al retail e catene commerciali.","breadcrumb":{"@id":"https:\/\/www.ilcam.com\/it\/ilcam-people\/clienti\/venditori-al-dettaglio\/#breadcrumb"},"inLanguage":"it-IT","potentialAction":[{"@type":"ReadAction","target":["https:\/\/www.ilcam.com\/it\/ilcam-people\/clienti\/venditori-al-dettaglio\/"]}]},{"@type":"BreadcrumbList","@id":"https:\/\/www.ilcam.com\/it\/ilcam-people\/clienti\/venditori-al-dettaglio\/#breadcrumb","itemListElement":[{"@type":"ListItem","position":1,"name":"Home","item":"https:\/\/www.ilcam.com\/it\/"},{"@type":"ListItem","position":2,"name":"ILCAM People","item":"https:\/\/www.ilcam.com\/it\/ilcam-people\/"},{"@type":"ListItem","position":3,"name":"Clienti","item":"https:\/\/www.ilcam.com\/it\/ilcam-people\/clienti\/"},{"@type":"ListItem","position":4,"name":"Venditori al dettaglio"}]},{"@type":"WebSite","@id":"https:\/\/www.ilcam.com\/it\/#website","url":"https:\/\/www.ilcam.com\/it\/","name":"ILCAM","description":"Masters of furniture apparel","publisher":{"@id":"https:\/\/www.ilcam.com\/it\/#organization"},"potentialAction":[{"@type":"SearchAction","target":{"@type":"EntryPoint","urlTemplate":"https:\/\/www.ilcam.com\/it\/?s={search_term_string}"},"query-input":{"@type":"PropertyValueSpecification","valueRequired":true,"valueName":"search_term_string"}}],"inLanguage":"it-IT"},{"@type":"Organization","@id":"https:\/\/www.ilcam.com\/it\/#organization","name":"ILCAM","url":"https:\/\/www.ilcam.com\/it\/","logo":{"@type":"ImageObject","inLanguage":"it-IT","@id":"https:\/\/www.ilcam.com\/it\/#\/schema\/logo\/image\/","url":"https:\/\/www.ilcam.com\/wp-content\/uploads\/2022\/01\/logo-ilcam_new.png","contentUrl":"https:\/\/www.ilcam.com\/wp-content\/uploads\/2022\/01\/logo-ilcam_new.png","width":756,"height":322,"caption":"ILCAM"},"image":{"@id":"https:\/\/www.ilcam.com\/it\/#\/schema\/logo\/image\/"}}]}},"_links":{"self":[{"href":"https:\/\/www.ilcam.com\/it\/wp-json\/wp\/v2\/pages\/76090","targetHints":{"allow":["GET"]}}],"collection":[{"href":"https:\/\/www.ilcam.com\/it\/wp-json\/wp\/v2\/pages"}],"about":[{"href":"https:\/\/www.ilcam.com\/it\/wp-json\/wp\/v2\/types\/page"}],"author":[{"embeddable":true,"href":"https:\/\/www.ilcam.com\/it\/wp-json\/wp\/v2\/users\/1"}],"replies":[{"embeddable":true,"href":"https:\/\/www.ilcam.com\/it\/wp-json\/wp\/v2\/comments?post=76090"}],"version-history":[{"count":2,"href":"https:\/\/www.ilcam.com\/it\/wp-json\/wp\/v2\/pages\/76090\/revisions"}],"predecessor-version":[{"id":98462,"href":"https:\/\/www.ilcam.com\/it\/wp-json\/wp\/v2\/pages\/76090\/revisions\/98462"}],"up":[{"embeddable":true,"href":"https:\/\/www.ilcam.com\/it\/wp-json\/wp\/v2\/pages\/76085"}],"wp:attachment":[{"href":"https:\/\/www.ilcam.com\/it\/wp-json\/wp\/v2\/media?parent=76090"}],"curies":[{"name":"wp","href":"https:\/\/api.w.org\/{rel}","templated":true}]}}